{"id":804,"date":"2026-01-23T15:32:39","date_gmt":"2026-01-23T15:32:39","guid":{"rendered":"https:\/\/impact-afrik.com\/?page_id=804"},"modified":"2026-01-28T16:04:36","modified_gmt":"2026-01-28T16:04:36","slug":"communication-branding","status":"publish","type":"page","link":"https:\/\/impact-afrik.com\/en\/communication-branding\/","title":{"rendered":"Communication &amp; branding"},"content":{"rendered":"<div data-elementor-type=\"wp-page\" data-elementor-id=\"804\" class=\"elementor elementor-804\">\n\t\t\t\t<div class=\"elementor-element elementor-element-2adeb85 e-con-full e-flex e-con e-parent\" data-id=\"2adeb85\" data-element_type=\"container\" data-e-type=\"container\">\n\t\t\t\t<div class=\"elementor-element elementor-element-73b8d12 elementor-widget elementor-widget-text-editor\" data-id=\"73b8d12\" data-element_type=\"widget\" data-e-type=\"widget\" data-widget_type=\"text-editor.default\">\n\t\t\t\t\t\t\t\t\t<h3 data-start=\"366\" data-end=\"437\">Construire une marque forte, cr\u00e9dible et align\u00e9e avec vos ambitions<\/h3><p data-start=\"439\" data-end=\"856\">Dans un environnement de plus en plus concurrentiel, la communication n\u2019est plus un simple outil de visibilit\u00e9 : elle est un <strong data-start=\"564\" data-end=\"638\">levier strat\u00e9gique de diff\u00e9renciation, de cr\u00e9dibilit\u00e9 et de croissance<\/strong>.<br data-start=\"639\" data-end=\"642\" \/>Impact Afrik accompagne les entreprises dans la construction d\u2019une <strong data-start=\"709\" data-end=\"741\">identit\u00e9 de marque coh\u00e9rente<\/strong>, authentique et adapt\u00e9e \u00e0 leurs march\u00e9s, tout en tenant compte des r\u00e9alit\u00e9s culturelles, \u00e9conomiques et digitales.<\/p><p>\u00a0<\/p><p data-start=\"858\" data-end=\"1012\">Nos formations aident \u00e0 <strong data-start=\"882\" data-end=\"966\">structurer le discours, renforcer l\u2019image et d\u00e9ployer une communication efficace<\/strong>, au service du d\u00e9veloppement de l\u2019entreprise.<\/p>\t\t\t\t\t\t\t\t<\/div>\n\t\t\t\t<div class=\"elementor-element elementor-element-eb128dc elementor-widget elementor-widget-heading\" data-id=\"eb128dc\" data-element_type=\"widget\" data-e-type=\"widget\" data-widget_type=\"heading.default\">\n\t\t\t\t\t<h2 class=\"elementor-heading-title elementor-size-default\">Sujets de formation<\/h2>\t\t\t\t<\/div>\n\t\t\t\t<\/div>\n\t\t<div class=\"elementor-element elementor-element-196edfa e-con-full e-flex e-con e-parent\" data-id=\"196edfa\" data-element_type=\"container\" data-e-type=\"container\">\n\t\t<div class=\"elementor-element elementor-element-a157300 e-con-full e-flex e-con e-child\" data-id=\"a157300\" data-element_type=\"container\" data-e-type=\"container\">\n\t\t\t\t<div class=\"elementor-element elementor-element-b8d03fa elementor-widget elementor-widget-heading\" data-id=\"b8d03fa\" data-element_type=\"widget\" data-e-type=\"widget\" data-widget_type=\"heading.default\">\n\t\t\t\t\t<h3 class=\"elementor-heading-title elementor-size-default\">Identit\u00e9 de marque &amp; positionnement<\/h3>\t\t\t\t<\/div>\n\t\t\t\t<div class=\"elementor-element elementor-element-90ce230 elementor-widget elementor-widget-text-editor\" data-id=\"90ce230\" data-element_type=\"widget\" data-e-type=\"widget\" data-widget_type=\"text-editor.default\">\n\t\t\t\t\t\t\t\t\t<p>Cette formation accompagne les entreprises dans la d\u00e9finition ou la clarification de leur identit\u00e9 de marque, afin de construire un positionnement clair, coh\u00e9rent et diff\u00e9renciant sur leur march\u00e9.<\/p>\t\t\t\t\t\t\t\t<\/div>\n\t\t\t\t<\/div>\n\t\t<div class=\"elementor-element elementor-element-c5a17a8 e-con-full e-flex e-con e-child\" data-id=\"c5a17a8\" data-element_type=\"container\" data-e-type=\"container\">\n\t\t\t\t<div class=\"elementor-element elementor-element-5f5bb4a elementor-widget elementor-widget-image\" data-id=\"5f5bb4a\" data-element_type=\"widget\" data-e-type=\"widget\" data-widget_type=\"image.default\">\n\t\t\t\t\t\t\t\t\t\t\t\t\t\t\t<img fetchpriority=\"high\" decoding=\"async\" width=\"950\" height=\"534\" src=\"https:\/\/impact-afrik.com\/wp-content\/uploads\/2026\/01\/34-1024x576.png\" class=\"attachment-large size-large wp-image-1014\" alt=\"\" srcset=\"https:\/\/impact-afrik.com\/wp-content\/uploads\/2026\/01\/34-1024x576.png 1024w, https:\/\/impact-afrik.com\/wp-content\/uploads\/2026\/01\/34-300x169.png 300w, https:\/\/impact-afrik.com\/wp-content\/uploads\/2026\/01\/34-1536x864.png 1536w, https:\/\/impact-afrik.com\/wp-content\/uploads\/2026\/01\/34-18x10.png 18w, https:\/\/impact-afrik.com\/wp-content\/uploads\/2026\/01\/34.png 1920w\" sizes=\"100vw\" \/>\t\t\t\t\t\t\t\t\t\t\t\t\t\t\t<\/div>\n\t\t\t\t<\/div>\n\t\t\t\t<\/div>\n\t\t<div class=\"elementor-element elementor-element-7317a0d e-con-full e-flex e-con e-parent\" data-id=\"7317a0d\" data-element_type=\"container\" data-e-type=\"container\">\n\t\t\t\t<div class=\"elementor-element elementor-element-ad41b62 elementor-widget__width-initial elementor-widget elementor-widget-image\" data-id=\"ad41b62\" data-element_type=\"widget\" data-e-type=\"widget\" data-widget_type=\"image.default\">\n\t\t\t\t\t\t\t\t\t\t\t\t\t\t\t<img decoding=\"async\" width=\"950\" height=\"534\" src=\"https:\/\/impact-afrik.com\/wp-content\/uploads\/2026\/01\/35-1024x576.png\" class=\"attachment-large size-large wp-image-1015\" alt=\"\" srcset=\"https:\/\/impact-afrik.com\/wp-content\/uploads\/2026\/01\/35-1024x576.png 1024w, https:\/\/impact-afrik.com\/wp-content\/uploads\/2026\/01\/35-300x169.png 300w, https:\/\/impact-afrik.com\/wp-content\/uploads\/2026\/01\/35-1536x864.png 1536w, https:\/\/impact-afrik.com\/wp-content\/uploads\/2026\/01\/35-18x10.png 18w, https:\/\/impact-afrik.com\/wp-content\/uploads\/2026\/01\/35.png 1920w\" sizes=\"100vw\" \/>\t\t\t\t\t\t\t\t\t\t\t\t\t\t\t<\/div>\n\t\t<div class=\"elementor-element elementor-element-fedf313 e-con-full e-flex e-con e-child\" data-id=\"fedf313\" data-element_type=\"container\" data-e-type=\"container\">\n\t\t\t\t<div class=\"elementor-element elementor-element-547c626 elementor-widget elementor-widget-heading\" data-id=\"547c626\" data-element_type=\"widget\" data-e-type=\"widget\" data-widget_type=\"heading.default\">\n\t\t\t\t\t<h3 class=\"elementor-heading-title elementor-size-default\">Branding visuel &amp; packaging<\/h3>\t\t\t\t<\/div>\n\t\t\t\t<div class=\"elementor-element elementor-element-d1ff28e elementor-widget__width-initial elementor-widget elementor-widget-text-editor\" data-id=\"d1ff28e\" data-element_type=\"widget\" data-e-type=\"widget\" data-widget_type=\"text-editor.default\">\n\t\t\t\t\t\t\t\t\t<p>L\u2019image visuelle est souvent le premier point de contact avec le client. Cette formation permet de comprendre les codes du branding visuel et du packaging, et leur r\u00f4le dans la perception de la marque.<\/p>\t\t\t\t\t\t\t\t<\/div>\n\t\t\t\t<\/div>\n\t\t\t\t<\/div>\n\t\t<div class=\"elementor-element elementor-element-1a81dd4 e-con-full e-flex e-con e-parent\" data-id=\"1a81dd4\" data-element_type=\"container\" data-e-type=\"container\">\n\t\t<div class=\"elementor-element elementor-element-c06e63a e-con-full e-flex e-con e-child\" data-id=\"c06e63a\" data-element_type=\"container\" data-e-type=\"container\">\n\t\t\t\t<div class=\"elementor-element elementor-element-9b87941 elementor-widget elementor-widget-heading\" data-id=\"9b87941\" data-element_type=\"widget\" data-e-type=\"widget\" data-widget_type=\"heading.default\">\n\t\t\t\t\t<h3 class=\"elementor-heading-title elementor-size-default\">Communication digitale &amp; r\u00e9seaux sociaux<\/h3>\t\t\t\t<\/div>\n\t\t\t\t<div class=\"elementor-element elementor-element-2ef2bf7 elementor-widget elementor-widget-text-editor\" data-id=\"2ef2bf7\" data-element_type=\"widget\" data-e-type=\"widget\" data-widget_type=\"text-editor.default\">\n\t\t\t\t\t\t\t\t\t<p>Cette formation aide les entreprises \u00e0 structurer leur pr\u00e9sence digitale et \u00e0 utiliser les r\u00e9seaux sociaux comme de v\u00e9ritables leviers de visibilit\u00e9, de cr\u00e9dibilit\u00e9 et de relation client.<\/p>\t\t\t\t\t\t\t\t<\/div>\n\t\t\t\t<\/div>\n\t\t<div class=\"elementor-element elementor-element-19e5050 e-con-full e-flex e-con e-child\" data-id=\"19e5050\" data-element_type=\"container\" data-e-type=\"container\">\n\t\t\t\t<div class=\"elementor-element elementor-element-49f6dd4 elementor-widget elementor-widget-image\" data-id=\"49f6dd4\" data-element_type=\"widget\" data-e-type=\"widget\" data-widget_type=\"image.default\">\n\t\t\t\t\t\t\t\t\t\t\t\t\t\t\t<img decoding=\"async\" width=\"950\" height=\"534\" src=\"https:\/\/impact-afrik.com\/wp-content\/uploads\/2026\/01\/36-1024x576.png\" class=\"attachment-large size-large wp-image-1016\" alt=\"\" srcset=\"https:\/\/impact-afrik.com\/wp-content\/uploads\/2026\/01\/36-1024x576.png 1024w, https:\/\/impact-afrik.com\/wp-content\/uploads\/2026\/01\/36-300x169.png 300w, https:\/\/impact-afrik.com\/wp-content\/uploads\/2026\/01\/36-1536x864.png 1536w, https:\/\/impact-afrik.com\/wp-content\/uploads\/2026\/01\/36-18x10.png 18w, https:\/\/impact-afrik.com\/wp-content\/uploads\/2026\/01\/36.png 1920w\" sizes=\"100vw\" \/>\t\t\t\t\t\t\t\t\t\t\t\t\t\t\t<\/div>\n\t\t\t\t<\/div>\n\t\t\t\t<\/div>\n\t\t<div class=\"elementor-element elementor-element-2e3d68d e-con-full e-flex e-con e-parent\" data-id=\"2e3d68d\" data-element_type=\"container\" data-e-type=\"container\">\n\t\t\t\t<div class=\"elementor-element elementor-element-32ae9b8 elementor-widget__width-initial elementor-widget elementor-widget-image\" data-id=\"32ae9b8\" data-element_type=\"widget\" data-e-type=\"widget\" data-widget_type=\"image.default\">\n\t\t\t\t\t\t\t\t\t\t\t\t\t\t\t<img loading=\"lazy\" decoding=\"async\" width=\"950\" height=\"534\" src=\"https:\/\/impact-afrik.com\/wp-content\/uploads\/2026\/01\/37-1024x576.png\" class=\"attachment-large size-large wp-image-1017\" alt=\"\" srcset=\"https:\/\/impact-afrik.com\/wp-content\/uploads\/2026\/01\/37-1024x576.png 1024w, https:\/\/impact-afrik.com\/wp-content\/uploads\/2026\/01\/37-300x169.png 300w, https:\/\/impact-afrik.com\/wp-content\/uploads\/2026\/01\/37-1536x864.png 1536w, https:\/\/impact-afrik.com\/wp-content\/uploads\/2026\/01\/37-18x10.png 18w, https:\/\/impact-afrik.com\/wp-content\/uploads\/2026\/01\/37.png 1920w\" sizes=\"100vw\" \/>\t\t\t\t\t\t\t\t\t\t\t\t\t\t\t<\/div>\n\t\t<div class=\"elementor-element elementor-element-4b3a567 e-con-full e-flex e-con e-child\" data-id=\"4b3a567\" data-element_type=\"container\" data-e-type=\"container\">\n\t\t\t\t<div class=\"elementor-element elementor-element-ef3c823 elementor-widget elementor-widget-heading\" data-id=\"ef3c823\" data-element_type=\"widget\" data-e-type=\"widget\" data-widget_type=\"heading.default\">\n\t\t\t\t\t<h3 class=\"elementor-heading-title elementor-size-default\">Strat\u00e9gies de marketing et visibilit\u00e9<\/h3>\t\t\t\t<\/div>\n\t\t\t\t<div class=\"elementor-element elementor-element-7f21cc9 elementor-widget elementor-widget-text-editor\" data-id=\"7f21cc9\" data-element_type=\"widget\" data-e-type=\"widget\" data-widget_type=\"text-editor.default\">\n\t\t\t\t\t\t\t\t\t<p>Cette formation accompagne les entreprises dans la construction de strat\u00e9gies marketing efficaces, align\u00e9es avec leurs objectifs commerciaux et leurs ressources.<\/p>\t\t\t\t\t\t\t\t<\/div>\n\t\t\t\t<\/div>\n\t\t\t\t<\/div>\n\t\t<div class=\"elementor-element elementor-element-a168785 e-con-full e-flex e-con e-parent\" data-id=\"a168785\" data-element_type=\"container\" data-e-type=\"container\">\n\t\t<div class=\"elementor-element elementor-element-0e1094b e-con-full e-flex e-con e-child\" data-id=\"0e1094b\" data-element_type=\"container\" data-e-type=\"container\">\n\t\t\t\t<div class=\"elementor-element elementor-element-2317ab4 elementor-widget elementor-widget-heading\" data-id=\"2317ab4\" data-element_type=\"widget\" data-e-type=\"widget\" data-widget_type=\"heading.default\">\n\t\t\t\t\t<h3 class=\"elementor-heading-title elementor-size-default\">Communication interne &amp; culture d'entreprise<\/h3>\t\t\t\t<\/div>\n\t\t\t\t<div class=\"elementor-element elementor-element-2bde384 elementor-widget elementor-widget-text-editor\" data-id=\"2bde384\" data-element_type=\"widget\" data-e-type=\"widget\" data-widget_type=\"text-editor.default\">\n\t\t\t\t\t\t\t\t\t<p>Une communication interne claire et align\u00e9e est essentielle pour mobiliser les \u00e9quipes et renforcer la culture d\u2019entreprise. Cette formation aide \u00e0 structurer les messages internes et \u00e0 cr\u00e9er une dynamique collective.<\/p>\t\t\t\t\t\t\t\t<\/div>\n\t\t\t\t<\/div>\n\t\t<div class=\"elementor-element elementor-element-3d155aa e-con-full e-flex e-con e-child\" data-id=\"3d155aa\" data-element_type=\"container\" data-e-type=\"container\">\n\t\t\t\t<div class=\"elementor-element elementor-element-ad300b3 elementor-widget elementor-widget-image\" data-id=\"ad300b3\" data-element_type=\"widget\" data-e-type=\"widget\" data-widget_type=\"image.default\">\n\t\t\t\t\t\t\t\t\t\t\t\t\t\t\t<img loading=\"lazy\" decoding=\"async\" width=\"950\" height=\"534\" src=\"https:\/\/impact-afrik.com\/wp-content\/uploads\/2026\/01\/38-1024x576.png\" class=\"attachment-large size-large wp-image-1018\" alt=\"\" srcset=\"https:\/\/impact-afrik.com\/wp-content\/uploads\/2026\/01\/38-1024x576.png 1024w, https:\/\/impact-afrik.com\/wp-content\/uploads\/2026\/01\/38-300x169.png 300w, https:\/\/impact-afrik.com\/wp-content\/uploads\/2026\/01\/38-1536x864.png 1536w, https:\/\/impact-afrik.com\/wp-content\/uploads\/2026\/01\/38-18x10.png 18w, https:\/\/impact-afrik.com\/wp-content\/uploads\/2026\/01\/38.png 1920w\" sizes=\"100vw\" \/>\t\t\t\t\t\t\t\t\t\t\t\t\t\t\t<\/div>\n\t\t\t\t<\/div>\n\t\t\t\t<\/div>\n\t\t<div class=\"elementor-element elementor-element-b9f651f e-con-full e-flex e-con e-parent\" data-id=\"b9f651f\" data-element_type=\"container\" data-e-type=\"container\">\n\t\t\t\t<div class=\"elementor-element elementor-element-ebe90c4 elementor-widget__width-initial elementor-widget elementor-widget-image\" data-id=\"ebe90c4\" data-element_type=\"widget\" data-e-type=\"widget\" data-widget_type=\"image.default\">\n\t\t\t\t\t\t\t\t\t\t\t\t\t\t\t<img loading=\"lazy\" decoding=\"async\" width=\"950\" height=\"534\" src=\"https:\/\/impact-afrik.com\/wp-content\/uploads\/2026\/01\/39-1024x576.png\" class=\"attachment-large size-large wp-image-1019\" alt=\"\" srcset=\"https:\/\/impact-afrik.com\/wp-content\/uploads\/2026\/01\/39-1024x576.png 1024w, https:\/\/impact-afrik.com\/wp-content\/uploads\/2026\/01\/39-300x169.png 300w, https:\/\/impact-afrik.com\/wp-content\/uploads\/2026\/01\/39-1536x864.png 1536w, https:\/\/impact-afrik.com\/wp-content\/uploads\/2026\/01\/39-18x10.png 18w, https:\/\/impact-afrik.com\/wp-content\/uploads\/2026\/01\/39.png 1920w\" sizes=\"100vw\" \/>\t\t\t\t\t\t\t\t\t\t\t\t\t\t\t<\/div>\n\t\t<div class=\"elementor-element elementor-element-ac42c8c e-con-full e-flex e-con e-child\" data-id=\"ac42c8c\" data-element_type=\"container\" data-e-type=\"container\">\n\t\t\t\t<div class=\"elementor-element elementor-element-93d5900 elementor-widget elementor-widget-heading\" data-id=\"93d5900\" data-element_type=\"widget\" data-e-type=\"widget\" data-widget_type=\"heading.default\">\n\t\t\t\t\t<h3 class=\"elementor-heading-title elementor-size-default\">Strat\u00e9gies d'expansion internationale<\/h3>\t\t\t\t<\/div>\n\t\t\t\t<div class=\"elementor-element elementor-element-b2cfc19 elementor-widget elementor-widget-text-editor\" data-id=\"b2cfc19\" data-element_type=\"widget\" data-e-type=\"widget\" data-widget_type=\"text-editor.default\">\n\t\t\t\t\t\t\t\t\t<p>Cette formation accompagne les entreprises souhaitant d\u00e9velopper leur visibilit\u00e9 et leur marque \u00e0 l\u2019international, en tenant compte des diff\u00e9rences culturelles, des codes de communication et des attentes des march\u00e9s cibl\u00e9s.<\/p>\t\t\t\t\t\t\t\t<\/div>\n\t\t\t\t<\/div>\n\t\t\t\t<\/div>\n\t\t\t\t<\/div>","protected":false},"excerpt":{"rendered":"<p>Construire une marque forte, cr\u00e9dible et align\u00e9e avec vos ambitions Dans un environnement de plus en plus concurrentiel, la communication n\u2019est plus un simple outil de visibilit\u00e9 : elle est un levier strat\u00e9gique de diff\u00e9renciation, de cr\u00e9dibilit\u00e9 et de croissance.Impact Afrik accompagne les entreprises dans la construction d\u2019une identit\u00e9 de marque coh\u00e9rente, authentique et adapt\u00e9e &hellip; <\/p>\n<p class=\"link-more\"><a href=\"https:\/\/impact-afrik.com\/en\/communication-branding\/\" class=\"more-link\">Read more<span class=\"screen-reader-text\"> \u00ab\u00a0Communication &#038; branding\u00a0\u00bb<\/span><\/a><\/p>","protected":false},"author":2,"featured_media":0,"parent":0,"menu_order":0,"comment_status":"closed","ping_status":"closed","template":"","meta":{"inspiro_hide_title":false,"footnotes":""},"class_list":["post-804","page","type-page","status-publish","hentry"],"_links":{"self":[{"href":"https:\/\/impact-afrik.com\/en\/wp-json\/wp\/v2\/pages\/804","targetHints":{"allow":["GET"]}}],"collection":[{"href":"https:\/\/impact-afrik.com\/en\/wp-json\/wp\/v2\/pages"}],"about":[{"href":"https:\/\/impact-afrik.com\/en\/wp-json\/wp\/v2\/types\/page"}],"author":[{"embeddable":true,"href":"https:\/\/impact-afrik.com\/en\/wp-json\/wp\/v2\/users\/2"}],"replies":[{"embeddable":true,"href":"https:\/\/impact-afrik.com\/en\/wp-json\/wp\/v2\/comments?post=804"}],"version-history":[{"count":13,"href":"https:\/\/impact-afrik.com\/en\/wp-json\/wp\/v2\/pages\/804\/revisions"}],"predecessor-version":[{"id":1022,"href":"https:\/\/impact-afrik.com\/en\/wp-json\/wp\/v2\/pages\/804\/revisions\/1022"}],"wp:attachment":[{"href":"https:\/\/impact-afrik.com\/en\/wp-json\/wp\/v2\/media?parent=804"}],"curies":[{"name":"wp","href":"https:\/\/api.w.org\/{rel}","templated":true}]}}