{"id":796,"date":"2026-01-23T15:30:44","date_gmt":"2026-01-23T15:30:44","guid":{"rendered":"https:\/\/impact-afrik.com\/?page_id=796"},"modified":"2026-01-28T15:47:53","modified_gmt":"2026-01-28T15:47:53","slug":"fonctions-support-organisation-interne","status":"publish","type":"page","link":"https:\/\/impact-afrik.com\/en\/fonctions-support-organisation-interne\/","title":{"rendered":"Support functions &amp; internal organization"},"content":{"rendered":"<div data-elementor-type=\"wp-page\" data-elementor-id=\"796\" class=\"elementor elementor-796\">\n\t\t\t\t<div class=\"elementor-element elementor-element-4219deb e-con-full e-flex e-con e-parent\" data-id=\"4219deb\" data-element_type=\"container\" data-e-type=\"container\">\n\t\t\t\t<div class=\"elementor-element elementor-element-b74c659 elementor-widget elementor-widget-text-editor\" data-id=\"b74c659\" data-element_type=\"widget\" data-e-type=\"widget\" data-widget_type=\"text-editor.default\">\n\t\t\t\t\t\t\t\t\t<h3 data-start=\"401\" data-end=\"480\">Structurer l\u2019entreprise pour gagner en efficacit\u00e9 et en performance durable<\/h3><p data-start=\"482\" data-end=\"809\">La croissance d\u2019une entreprise repose autant sur son activit\u00e9 commerciale que sur la <strong data-start=\"567\" data-end=\"607\">solidit\u00e9 de son organisation interne<\/strong>. Trop souvent, les fonctions support (administratif, finances, RH, organisation du travail) sont mises en place tardivement ou de mani\u00e8re informelle, ce qui freine la performance et g\u00e9n\u00e8re des risques.<\/p><p>\u00a0<\/p><p data-start=\"811\" data-end=\"1130\">Impact Afrik accompagne les dirigeants et \u00e9quipes dans la <strong data-start=\"869\" data-end=\"925\">structuration pragmatique de leurs fonctions support<\/strong>, en tenant compte des r\u00e9alit\u00e9s locales, des obligations r\u00e9glementaires et des moyens de l\u2019entreprise.<br data-start=\"1027\" data-end=\"1030\" \/>Nos formations visent \u00e0 <strong data-start=\"1054\" data-end=\"1100\">simplifier, organiser et professionnaliser<\/strong> sans alourdir les structures.<\/p>\t\t\t\t\t\t\t\t<\/div>\n\t\t\t\t<\/div>\n\t\t<div class=\"elementor-element elementor-element-6dd561f e-con-full e-flex e-con e-parent\" data-id=\"6dd561f\" data-element_type=\"container\" data-e-type=\"container\">\n\t\t\t\t<div class=\"elementor-element elementor-element-dce2be7 elementor-widget elementor-widget-heading\" data-id=\"dce2be7\" data-element_type=\"widget\" data-e-type=\"widget\" data-widget_type=\"heading.default\">\n\t\t\t\t\t<h2 class=\"elementor-heading-title elementor-size-default\">Sujets de formation<\/h2>\t\t\t\t<\/div>\n\t\t\t\t<\/div>\n\t\t<div class=\"elementor-element elementor-element-b4bd5bb e-con-full e-flex e-con e-parent\" data-id=\"b4bd5bb\" data-element_type=\"container\" data-e-type=\"container\">\n\t\t<div class=\"elementor-element elementor-element-c93705b e-con-full e-flex e-con e-child\" data-id=\"c93705b\" data-element_type=\"container\" data-e-type=\"container\">\n\t\t\t\t<div class=\"elementor-element elementor-element-2135430 elementor-widget elementor-widget-heading\" data-id=\"2135430\" data-element_type=\"widget\" data-e-type=\"widget\" data-widget_type=\"heading.default\">\n\t\t\t\t\t<h3 class=\"elementor-heading-title elementor-size-default\">Organisation et structuration des processus internes<\/h3>\t\t\t\t<\/div>\n\t\t\t\t<div class=\"elementor-element elementor-element-2dbad1d elementor-widget elementor-widget-text-editor\" data-id=\"2dbad1d\" data-element_type=\"widget\" data-e-type=\"widget\" data-widget_type=\"text-editor.default\">\n\t\t\t\t\t\t\t\t\t<p>Cette formation aide les entreprises \u00e0 formaliser et structurer leurs processus internes afin d\u2019am\u00e9liorer la fluidit\u00e9 des op\u00e9rations, la coordination des \u00e9quipes et la qualit\u00e9 du travail au quotidien.<\/p>\t\t\t\t\t\t\t\t<\/div>\n\t\t\t\t<\/div>\n\t\t<div class=\"elementor-element elementor-element-21a7a42 e-con-full e-flex e-con e-child\" data-id=\"21a7a42\" data-element_type=\"container\" data-e-type=\"container\">\n\t\t\t\t<div class=\"elementor-element elementor-element-429c1ae elementor-widget elementor-widget-image\" data-id=\"429c1ae\" data-element_type=\"widget\" data-e-type=\"widget\" data-widget_type=\"image.default\">\n\t\t\t\t\t\t\t\t\t\t\t\t\t\t\t<img fetchpriority=\"high\" decoding=\"async\" width=\"950\" height=\"534\" src=\"https:\/\/impact-afrik.com\/wp-content\/uploads\/2026\/01\/28-1024x576.png\" class=\"attachment-large size-large wp-image-1004\" alt=\"\" srcset=\"https:\/\/impact-afrik.com\/wp-content\/uploads\/2026\/01\/28-1024x576.png 1024w, https:\/\/impact-afrik.com\/wp-content\/uploads\/2026\/01\/28-300x169.png 300w, https:\/\/impact-afrik.com\/wp-content\/uploads\/2026\/01\/28-1536x864.png 1536w, https:\/\/impact-afrik.com\/wp-content\/uploads\/2026\/01\/28-18x10.png 18w, https:\/\/impact-afrik.com\/wp-content\/uploads\/2026\/01\/28.png 1920w\" sizes=\"100vw\" \/>\t\t\t\t\t\t\t\t\t\t\t\t\t\t\t<\/div>\n\t\t\t\t<\/div>\n\t\t\t\t<\/div>\n\t\t<div class=\"elementor-element elementor-element-dc796a5 e-con-full e-flex e-con e-parent\" data-id=\"dc796a5\" data-element_type=\"container\" data-e-type=\"container\">\n\t\t<div class=\"elementor-element elementor-element-c8cba6c e-con-full e-flex e-con e-child\" data-id=\"c8cba6c\" data-element_type=\"container\" data-e-type=\"container\">\n\t\t\t\t<div class=\"elementor-element elementor-element-6f71d2e elementor-widget__width-initial elementor-widget elementor-widget-image\" data-id=\"6f71d2e\" data-element_type=\"widget\" data-e-type=\"widget\" data-widget_type=\"image.default\">\n\t\t\t\t\t\t\t\t\t\t\t\t\t\t\t<img decoding=\"async\" width=\"950\" height=\"534\" src=\"https:\/\/impact-afrik.com\/wp-content\/uploads\/2026\/01\/29-1024x576.png\" class=\"attachment-large size-large wp-image-1005\" alt=\"\" srcset=\"https:\/\/impact-afrik.com\/wp-content\/uploads\/2026\/01\/29-1024x576.png 1024w, https:\/\/impact-afrik.com\/wp-content\/uploads\/2026\/01\/29-300x169.png 300w, https:\/\/impact-afrik.com\/wp-content\/uploads\/2026\/01\/29-1536x864.png 1536w, https:\/\/impact-afrik.com\/wp-content\/uploads\/2026\/01\/29-18x10.png 18w, https:\/\/impact-afrik.com\/wp-content\/uploads\/2026\/01\/29.png 1920w\" sizes=\"100vw\" \/>\t\t\t\t\t\t\t\t\t\t\t\t\t\t\t<\/div>\n\t\t\t\t<\/div>\n\t\t<div class=\"elementor-element elementor-element-c7b0b31 e-con-full e-flex e-con e-child\" data-id=\"c7b0b31\" data-element_type=\"container\" data-e-type=\"container\">\n\t\t\t\t<div class=\"elementor-element elementor-element-04068d4 elementor-widget elementor-widget-heading\" data-id=\"04068d4\" data-element_type=\"widget\" data-e-type=\"widget\" data-widget_type=\"heading.default\">\n\t\t\t\t\t<h3 class=\"elementor-heading-title elementor-size-default\">Gestion administrative et conformit\u00e9 locale<\/h3>\t\t\t\t<\/div>\n\t\t\t\t<div class=\"elementor-element elementor-element-c846fd2 elementor-widget elementor-widget-text-editor\" data-id=\"c846fd2\" data-element_type=\"widget\" data-e-type=\"widget\" data-widget_type=\"text-editor.default\">\n\t\t\t\t\t\t\t\t\t<p>Cette formation permet aux dirigeants et responsables administratifs de ma\u00eetriser les <strong data-start=\"1794\" data-end=\"1856\">fondamentaux de la gestion administrative et r\u00e9glementaire<\/strong> dans le contexte local, afin de s\u00e9curiser l\u2019activit\u00e9 et \u00e9viter les risques li\u00e9s \u00e0 la non-conformit\u00e9.<\/p>\t\t\t\t\t\t\t\t<\/div>\n\t\t\t\t<\/div>\n\t\t\t\t<\/div>\n\t\t<div class=\"elementor-element elementor-element-4be8d6f e-con-full e-flex e-con e-parent\" data-id=\"4be8d6f\" data-element_type=\"container\" data-e-type=\"container\">\n\t\t<div class=\"elementor-element elementor-element-f14ed37 e-con-full e-flex e-con e-child\" data-id=\"f14ed37\" data-element_type=\"container\" data-e-type=\"container\">\n\t\t\t\t<div class=\"elementor-element elementor-element-4b6b474 elementor-widget elementor-widget-heading\" data-id=\"4b6b474\" data-element_type=\"widget\" data-e-type=\"widget\" data-widget_type=\"heading.default\">\n\t\t\t\t\t<h3 class=\"elementor-heading-title elementor-size-default\">Les bases de la gestion financi\u00e8re et budg\u00e9taire<\/h3>\t\t\t\t<\/div>\n\t\t\t\t<div class=\"elementor-element elementor-element-66533c2 elementor-widget elementor-widget-text-editor\" data-id=\"66533c2\" data-element_type=\"widget\" data-e-type=\"widget\" data-widget_type=\"text-editor.default\">\n\t\t\t\t\t\t\t\t\t<p>Destin\u00e9e aux dirigeants non-financiers, cette formation donne les cl\u00e9s pour <strong data-start=\"2372\" data-end=\"2418\">piloter l\u2019entreprise \u00e0 partir des chiffres<\/strong>, comprendre les indicateurs essentiels et prendre de meilleures d\u00e9cisions financi\u00e8res.<\/p>\t\t\t\t\t\t\t\t<\/div>\n\t\t\t\t<\/div>\n\t\t<div class=\"elementor-element elementor-element-9104d0f e-con-full e-flex e-con e-child\" data-id=\"9104d0f\" data-element_type=\"container\" data-e-type=\"container\">\n\t\t\t\t<div class=\"elementor-element elementor-element-2282bbf elementor-widget elementor-widget-image\" data-id=\"2282bbf\" data-element_type=\"widget\" data-e-type=\"widget\" data-widget_type=\"image.default\">\n\t\t\t\t\t\t\t\t\t\t\t\t\t\t\t<img decoding=\"async\" width=\"950\" height=\"534\" src=\"https:\/\/impact-afrik.com\/wp-content\/uploads\/2026\/01\/30-1024x576.png\" class=\"attachment-large size-large wp-image-1006\" alt=\"\" srcset=\"https:\/\/impact-afrik.com\/wp-content\/uploads\/2026\/01\/30-1024x576.png 1024w, https:\/\/impact-afrik.com\/wp-content\/uploads\/2026\/01\/30-300x169.png 300w, https:\/\/impact-afrik.com\/wp-content\/uploads\/2026\/01\/30-1536x864.png 1536w, https:\/\/impact-afrik.com\/wp-content\/uploads\/2026\/01\/30-18x10.png 18w, https:\/\/impact-afrik.com\/wp-content\/uploads\/2026\/01\/30.png 1920w\" sizes=\"100vw\" \/>\t\t\t\t\t\t\t\t\t\t\t\t\t\t\t<\/div>\n\t\t\t\t<\/div>\n\t\t\t\t<\/div>\n\t\t<div class=\"elementor-element elementor-element-49f8385 e-con-full e-flex e-con e-parent\" data-id=\"49f8385\" data-element_type=\"container\" data-e-type=\"container\">\n\t\t<div class=\"elementor-element elementor-element-fa360cf e-con-full e-flex e-con e-child\" data-id=\"fa360cf\" data-element_type=\"container\" data-e-type=\"container\">\n\t\t\t\t<div class=\"elementor-element elementor-element-10f65d3 elementor-widget__width-initial elementor-widget elementor-widget-image\" data-id=\"10f65d3\" data-element_type=\"widget\" data-e-type=\"widget\" data-widget_type=\"image.default\">\n\t\t\t\t\t\t\t\t\t\t\t\t\t\t\t<img loading=\"lazy\" decoding=\"async\" width=\"950\" height=\"534\" src=\"https:\/\/impact-afrik.com\/wp-content\/uploads\/2026\/01\/31-1024x576.png\" class=\"attachment-large size-large wp-image-1007\" alt=\"\" srcset=\"https:\/\/impact-afrik.com\/wp-content\/uploads\/2026\/01\/31-1024x576.png 1024w, https:\/\/impact-afrik.com\/wp-content\/uploads\/2026\/01\/31-300x169.png 300w, https:\/\/impact-afrik.com\/wp-content\/uploads\/2026\/01\/31-1536x864.png 1536w, https:\/\/impact-afrik.com\/wp-content\/uploads\/2026\/01\/31-18x10.png 18w, https:\/\/impact-afrik.com\/wp-content\/uploads\/2026\/01\/31.png 1920w\" sizes=\"100vw\" \/>\t\t\t\t\t\t\t\t\t\t\t\t\t\t\t<\/div>\n\t\t\t\t<\/div>\n\t\t<div class=\"elementor-element elementor-element-1283520 e-con-full e-flex e-con e-child\" data-id=\"1283520\" data-element_type=\"container\" data-e-type=\"container\">\n\t\t\t\t<div class=\"elementor-element elementor-element-50de569 elementor-widget elementor-widget-heading\" data-id=\"50de569\" data-element_type=\"widget\" data-e-type=\"widget\" data-widget_type=\"heading.default\">\n\t\t\t\t\t<h3 class=\"elementor-heading-title elementor-size-default\">Introduction \u00e0 la gestion des ressources humaines en PME<\/h3>\t\t\t\t<\/div>\n\t\t\t\t<div class=\"elementor-element elementor-element-16abab9 elementor-widget elementor-widget-text-editor\" data-id=\"16abab9\" data-element_type=\"widget\" data-e-type=\"widget\" data-widget_type=\"text-editor.default\">\n\t\t\t\t\t\t\t\t\t<p>Cette formation accompagne les entreprises dans la mise en place de pratiques RH simples, adapt\u00e9es \u00e0 la taille de la structure et au contexte local, tout en favorisant l\u2019engagement et la stabilit\u00e9 des \u00e9quipes.<\/p>\t\t\t\t\t\t\t\t<\/div>\n\t\t\t\t<\/div>\n\t\t\t\t<\/div>\n\t\t<div class=\"elementor-element elementor-element-a876227 e-con-full e-flex e-con e-parent\" data-id=\"a876227\" data-element_type=\"container\" data-e-type=\"container\">\n\t\t<div class=\"elementor-element elementor-element-9f7ee08 e-con-full e-flex e-con e-child\" data-id=\"9f7ee08\" data-element_type=\"container\" data-e-type=\"container\">\n\t\t\t\t<div class=\"elementor-element elementor-element-48c4c4e elementor-widget elementor-widget-heading\" data-id=\"48c4c4e\" data-element_type=\"widget\" data-e-type=\"widget\" data-widget_type=\"heading.default\">\n\t\t\t\t\t<h3 class=\"elementor-heading-title elementor-size-default\">Organisation du travail et structuration d'\u00e9quipe<\/h3>\t\t\t\t<\/div>\n\t\t\t\t<div class=\"elementor-element elementor-element-1eb526f elementor-widget elementor-widget-text-editor\" data-id=\"1eb526f\" data-element_type=\"widget\" data-e-type=\"widget\" data-widget_type=\"text-editor.default\">\n\t\t\t\t\t\t\t\t\t<p>Cette formation vise \u00e0 am\u00e9liorer l\u2019organisation du travail, la r\u00e9partition des t\u00e2ches et la collaboration entre les \u00e9quipes, afin d\u2019optimiser la performance collective et r\u00e9duire les dysfonctionnements internes.<\/p>\t\t\t\t\t\t\t\t<\/div>\n\t\t\t\t<\/div>\n\t\t<div class=\"elementor-element elementor-element-8d56f98 e-con-full e-flex e-con e-child\" data-id=\"8d56f98\" data-element_type=\"container\" data-e-type=\"container\">\n\t\t\t\t<div class=\"elementor-element elementor-element-b4847b2 elementor-widget elementor-widget-image\" data-id=\"b4847b2\" data-element_type=\"widget\" data-e-type=\"widget\" data-widget_type=\"image.default\">\n\t\t\t\t\t\t\t\t\t\t\t\t\t\t\t<img loading=\"lazy\" decoding=\"async\" width=\"950\" height=\"534\" src=\"https:\/\/impact-afrik.com\/wp-content\/uploads\/2026\/01\/32-1024x576.png\" class=\"attachment-large size-large wp-image-1008\" alt=\"\" srcset=\"https:\/\/impact-afrik.com\/wp-content\/uploads\/2026\/01\/32-1024x576.png 1024w, https:\/\/impact-afrik.com\/wp-content\/uploads\/2026\/01\/32-300x169.png 300w, https:\/\/impact-afrik.com\/wp-content\/uploads\/2026\/01\/32-1536x864.png 1536w, https:\/\/impact-afrik.com\/wp-content\/uploads\/2026\/01\/32-18x10.png 18w, https:\/\/impact-afrik.com\/wp-content\/uploads\/2026\/01\/32.png 1920w\" sizes=\"100vw\" \/>\t\t\t\t\t\t\t\t\t\t\t\t\t\t\t<\/div>\n\t\t\t\t<\/div>\n\t\t\t\t<\/div>\n\t\t<div class=\"elementor-element elementor-element-8b3df79 e-con-full e-flex e-con e-parent\" data-id=\"8b3df79\" data-element_type=\"container\" data-e-type=\"container\">\n\t\t<div class=\"elementor-element elementor-element-1f6ec0f e-con-full e-flex e-con e-child\" data-id=\"1f6ec0f\" data-element_type=\"container\" data-e-type=\"container\">\n\t\t\t\t<div class=\"elementor-element elementor-element-0fb19f0 elementor-widget__width-initial elementor-widget elementor-widget-image\" data-id=\"0fb19f0\" data-element_type=\"widget\" data-e-type=\"widget\" data-widget_type=\"image.default\">\n\t\t\t\t\t\t\t\t\t\t\t\t\t\t\t<img loading=\"lazy\" decoding=\"async\" width=\"950\" height=\"534\" src=\"https:\/\/impact-afrik.com\/wp-content\/uploads\/2026\/01\/33-1024x576.png\" class=\"attachment-large size-large wp-image-1009\" alt=\"\" srcset=\"https:\/\/impact-afrik.com\/wp-content\/uploads\/2026\/01\/33-1024x576.png 1024w, https:\/\/impact-afrik.com\/wp-content\/uploads\/2026\/01\/33-300x169.png 300w, https:\/\/impact-afrik.com\/wp-content\/uploads\/2026\/01\/33-1536x864.png 1536w, https:\/\/impact-afrik.com\/wp-content\/uploads\/2026\/01\/33-18x10.png 18w, https:\/\/impact-afrik.com\/wp-content\/uploads\/2026\/01\/33.png 1920w\" sizes=\"100vw\" \/>\t\t\t\t\t\t\t\t\t\t\t\t\t\t\t<\/div>\n\t\t\t\t<\/div>\n\t\t<div class=\"elementor-element elementor-element-0024dc1 e-con-full e-flex e-con e-child\" data-id=\"0024dc1\" data-element_type=\"container\" data-e-type=\"container\">\n\t\t\t\t<div class=\"elementor-element elementor-element-451bcb5 elementor-widget elementor-widget-heading\" data-id=\"451bcb5\" data-element_type=\"widget\" data-e-type=\"widget\" data-widget_type=\"heading.default\">\n\t\t\t\t\t<h3 class=\"elementor-heading-title elementor-size-default\">Mise en place d'outils de gestion interne<\/h3>\t\t\t\t<\/div>\n\t\t\t\t<div class=\"elementor-element elementor-element-396b142 elementor-widget elementor-widget-text-editor\" data-id=\"396b142\" data-element_type=\"widget\" data-e-type=\"widget\" data-widget_type=\"text-editor.default\">\n\t\t\t\t\t\t\t\t\t<p>Les outils de gestion sont des leviers essentiels pour structurer l\u2019entreprise. Cette formation accompagne les entreprises dans le <strong data-start=\"3947\" data-end=\"4001\">choix et l\u2019utilisation d\u2019outils simples et adapt\u00e9s<\/strong> \u00e0 leurs besoins (suivi, reporting, organisation).<\/p>\t\t\t\t\t\t\t\t<\/div>\n\t\t\t\t<\/div>\n\t\t\t\t<\/div>\n\t\t\t\t<\/div>","protected":false},"excerpt":{"rendered":"<p>Structurer l\u2019entreprise pour gagner en efficacit\u00e9 et en performance durable La croissance d\u2019une entreprise repose autant sur son activit\u00e9 commerciale que sur la solidit\u00e9 de son organisation interne. Trop souvent, les fonctions support (administratif, finances, RH, organisation du travail) sont mises en place tardivement ou de mani\u00e8re informelle, ce qui freine la performance et g\u00e9n\u00e8re &hellip; <\/p>\n<p class=\"link-more\"><a href=\"https:\/\/impact-afrik.com\/en\/fonctions-support-organisation-interne\/\" class=\"more-link\">Read more<span class=\"screen-reader-text\"> \u00ab\u00a0Fonctions support &#038; organisation interne\u00a0\u00bb<\/span><\/a><\/p>","protected":false},"author":2,"featured_media":0,"parent":0,"menu_order":0,"comment_status":"closed","ping_status":"closed","template":"","meta":{"inspiro_hide_title":false,"footnotes":""},"class_list":["post-796","page","type-page","status-publish","hentry"],"_links":{"self":[{"href":"https:\/\/impact-afrik.com\/en\/wp-json\/wp\/v2\/pages\/796","targetHints":{"allow":["GET"]}}],"collection":[{"href":"https:\/\/impact-afrik.com\/en\/wp-json\/wp\/v2\/pages"}],"about":[{"href":"https:\/\/impact-afrik.com\/en\/wp-json\/wp\/v2\/types\/page"}],"author":[{"embeddable":true,"href":"https:\/\/impact-afrik.com\/en\/wp-json\/wp\/v2\/users\/2"}],"replies":[{"embeddable":true,"href":"https:\/\/impact-afrik.com\/en\/wp-json\/wp\/v2\/comments?post=796"}],"version-history":[{"count":13,"href":"https:\/\/impact-afrik.com\/en\/wp-json\/wp\/v2\/pages\/796\/revisions"}],"predecessor-version":[{"id":1012,"href":"https:\/\/impact-afrik.com\/en\/wp-json\/wp\/v2\/pages\/796\/revisions\/1012"}],"wp:attachment":[{"href":"https:\/\/impact-afrik.com\/en\/wp-json\/wp\/v2\/media?parent=796"}],"curies":[{"name":"wp","href":"https:\/\/api.w.org\/{rel}","templated":true}]}}